{"id":1666,"date":"2026-04-02T15:52:40","date_gmt":"2026-04-02T15:52:40","guid":{"rendered":"https:\/\/www.claudiazila.com\/?page_id=1666"},"modified":"2026-04-02T15:52:40","modified_gmt":"2026-04-02T15:52:40","slug":"charlas","status":"publish","type":"page","link":"https:\/\/www.claudiazila.com\/index.php\/charlas\/","title":{"rendered":"CHARLAS"},"content":{"rendered":"<p>[et_pb_section fb_built=\u00bb1&#8243; admin_label=\u00bbHeader\u00bb _builder_version=\u00bb4.20.0&#8243; _module_preset=\u00bbdefault\u00bb collapsed=\u00bbon\u00bb global_colors_info=\u00bb{}\u00bb theme_builder_area=\u00bbpost_content\u00bb][et_pb_row _builder_version=\u00bb4.20.0&#8243; _module_preset=\u00bbdefault\u00bb global_colors_info=\u00bb{}\u00bb theme_builder_area=\u00bbpost_content\u00bb][et_pb_column type=\u00bb4_4&#8243; _builder_version=\u00bb4.20.0&#8243; _module_preset=\u00bbdefault\u00bb global_colors_info=\u00bb{}\u00bb theme_builder_area=\u00bbpost_content\u00bb][et_pb_text _builder_version=\u00bb4.27.5&#8243; _module_preset=\u00bb4615b900-c923-4147-8573-9f6df82e2ecd\u00bb text_orientation=\u00bbcenter\u00bb global_colors_info=\u00bb{}\u00bb theme_builder_area=\u00bbpost_content\u00bb]<\/p>\n<h1>CHARLAS<\/h1>\n<p>[\/et_pb_text][\/et_pb_column][\/et_pb_row][et_pb_row _builder_version=\u00bb4.27.5&#8243; _module_preset=\u00bbdefault\u00bb theme_builder_area=\u00bbpost_content\u00bb][et_pb_column _builder_version=\u00bb4.27.5&#8243; _module_preset=\u00bbdefault\u00bb type=\u00bb4_4&#8243; theme_builder_area=\u00bbpost_content\u00bb][et_pb_text _builder_version=\u00bb4.27.5&#8243; _module_preset=\u00bbdefault\u00bb theme_builder_area=\u00bbpost_content\u00bb hover_enabled=\u00bb0&#8243; sticky_enabled=\u00bb0&#8243;]<\/p>\n<p data-start=\"13\" data-end=\"358\">Mis charlas conectan el derecho y la comunicaci\u00f3n social como herramientas pr\u00e1cticas para vivir y trabajar con mayor claridad, responsabilidad y prop\u00f3sito. Como <strong data-start=\"174\" data-end=\"205\">Facilitadora Comunicacional<\/strong>, ense\u00f1o contenidos jur\u00eddicos de forma simple, promoviendo una comunicaci\u00f3n basada en buenos valores y en el cultivo del car\u00e1cter personal y profesional.<\/p>\n<p data-start=\"360\" data-end=\"595\" data-is-last-node=\"\" data-is-only-node=\"\">Cada encuentro busca <strong data-start=\"381\" data-end=\"427\">dejar una huella positiva en el ser humano<\/strong>, contribuyendo a su crecimiento personal, fortaleciendo su criterio y motiv\u00e1ndolo a actuar con coherencia, respeto y sentido de responsabilidad en su vida y entorno. \u2728<\/p>\n<p>[\/et_pb_text][\/et_pb_column][\/et_pb_row][\/et_pb_section][et_pb_section fb_built=\u00bb1&#8243; admin_label=\u00bbservicios\u00bb _builder_version=\u00bb4.27.5&#8243; _module_preset=\u00bbdefault\u00bb custom_padding=\u00bb3px||5px|||\u00bb collapsed=\u00bbon\u00bb global_colors_info=\u00bb{}\u00bb theme_builder_area=\u00bbpost_content\u00bb][et_pb_row column_structure=\u00bb1_2,1_2&#8243; _builder_version=\u00bb4.20.0&#8243; _module_preset=\u00bbdefault\u00bb global_colors_info=\u00bb{}\u00bb theme_builder_area=\u00bbpost_content\u00bb][et_pb_column type=\u00bb1_2&#8243; _builder_version=\u00bb4.20.0&#8243; _module_preset=\u00bbdefault\u00bb custom_padding_tablet=\u00bb||30px||false|false\u00bb custom_padding_phone=\u00bb||30px||false|false\u00bb custom_padding_last_edited=\u00bbon|tablet\u00bb global_colors_info=\u00bb{}\u00bb theme_builder_area=\u00bbpost_content\u00bb][et_pb_image src=\u00bbhttps:\/\/www.claudiazila.com\/wp-content\/uploads\/2025\/12\/Diseno-sin-titulo-42.png\u00bb title_text=\u00bbDisen\u0303o sin ti\u0301tulo (42)\u00bb _builder_version=\u00bb4.27.5&#8243; _module_preset=\u00bbdefault\u00bb background_color=\u00bbrgba(0,0,0,0.04)\u00bb hover_enabled=\u00bb0&#8243; box_shadow_style=\u00bbpreset4&#8243; box_shadow_horizontal=\u00bb0px\u00bb box_shadow_vertical=\u00bb0px\u00bb box_shadow_color=\u00bbrgba(0,0,0,0.05)\u00bb global_colors_info=\u00bb{}\u00bb transform_styles__hover_enabled=\u00bbon|hover\u00bb transform_scale__hover=\u00bb90%|90%\u00bb transform_scale__hover_enabled=\u00bbon|hover\u00bb transform_translate__hover_enabled=\u00bbon|desktop\u00bb transform_rotate__hover_enabled=\u00bbon|desktop\u00bb transform_skew__hover_enabled=\u00bbon|desktop\u00bb transform_origin__hover_enabled=\u00bbon|desktop\u00bb box_shadow_spread__hover=\u00bb30px\u00bb box_shadow_spread__hover_enabled=\u00bbon|hover\u00bb theme_builder_area=\u00bbpost_content\u00bb sticky_enabled=\u00bb0&#8243;][\/et_pb_image][et_pb_text _builder_version=\u00bb4.27.5&#8243; _module_preset=\u00bb6bb5d8cf-8f68-4e67-be73-e9ebdc8ebf3a\u00bb custom_margin=\u00bb||10px||false|false\u00bb global_colors_info=\u00bb{}\u00bb theme_builder_area=\u00bbpost_content\u00bb]<\/p>\n<h4>CHARLA: \u00bfSABES QU\u00c9 SIGNIFICA SER DUE\u00d1O DE UNA PROPIEDAD EN CHILE?<\/h4>\n<p>[\/et_pb_text][et_pb_text _builder_version=\u00bb4.27.5&#8243; _module_preset=\u00bb54feffa3-bc8d-435d-8774-c3ffc4d984ff\u00bb hover_enabled=\u00bb0&#8243; global_colors_info=\u00bb{}\u00bb theme_builder_area=\u00bbpost_content\u00bb sticky_enabled=\u00bb0&#8243;]<\/p>\n<p data-start=\"174\" data-end=\"209\"><strong data-start=\"174\" data-end=\"209\">Aprender a ser due\u00f1o, de verdad<\/strong><\/p>\n<p data-start=\"211\" data-end=\"492\">En Chile, pocas personas comprenden realmente lo que significa ser due\u00f1o de una propiedad. Detectamos esta necesidad y decidimos ense\u00f1ar, de manera clara y sencilla \u2014\u201ccon peras y manzanas\u201d\u2014 todo lo que una persona debe considerar al adquirir, vender o regularizar un bien inmueble.<\/p>\n<p data-start=\"494\" data-end=\"772\">Esta charla est\u00e1 dise\u00f1ada especialmente para quienes no tienen formaci\u00f3n jur\u00eddica, pero desean tomar decisiones informadas y seguras sobre su patrimonio. Explicamos qu\u00e9 exigir, qu\u00e9 revisar y c\u00f3mo proteger sus intereses al momento de realizar una operaci\u00f3n inmobiliaria en Chile.<\/p>\n<p data-start=\"774\" data-end=\"1043\">Nos diferenciamos por presentar el derecho de una manera din\u00e1mica, cercana y comprensible. A trav\u00e9s de una metodolog\u00eda l\u00fadica y teatral, transformamos conceptos complejos en aprendizajes memorables, facilitando la comprensi\u00f3n y generando confianza en los participantes.<\/p>\n<p data-start=\"1045\" data-end=\"1221\"><strong data-start=\"1045\" data-end=\"1221\">Una experiencia educativa que combina conocimiento jur\u00eddico, pedagog\u00eda y puesta en escena, para que cada persona entienda realmente lo que firma y el valor de lo que posee.<\/strong><\/p>\n<p>[\/et_pb_text][\/et_pb_column][et_pb_column _builder_version=\u00bb4.27.5&#8243; _module_preset=\u00bbdefault\u00bb type=\u00bb1_2&#8243; theme_builder_area=\u00bbpost_content\u00bb][et_pb_image src=\u00bbhttps:\/\/www.claudiazila.com\/wp-content\/uploads\/2026\/04\/ChatGPT-Image-2-abr-2026-12_09_24-p.m.png\u00bb title_text=\u00bbChatGPT Image 2 abr 2026, 12_09_24 p.m.\u00bb _builder_version=\u00bb4.27.5&#8243; _module_preset=\u00bbdefault\u00bb background_color=\u00bbrgba(0,0,0,0.04)\u00bb hover_enabled=\u00bb0&#8243; box_shadow_style=\u00bbpreset4&#8243; box_shadow_horizontal=\u00bb0px\u00bb box_shadow_vertical=\u00bb0px\u00bb box_shadow_color=\u00bbrgba(0,0,0,0.05)\u00bb global_colors_info=\u00bb{}\u00bb transform_styles__hover_enabled=\u00bbon|hover\u00bb transform_scale__hover=\u00bb90%|90%\u00bb transform_scale__hover_enabled=\u00bbon|hover\u00bb transform_translate__hover_enabled=\u00bbon|desktop\u00bb transform_rotate__hover_enabled=\u00bbon|desktop\u00bb transform_skew__hover_enabled=\u00bbon|desktop\u00bb transform_origin__hover_enabled=\u00bbon|desktop\u00bb box_shadow_spread__hover=\u00bb30px\u00bb box_shadow_spread__hover_enabled=\u00bbon|hover\u00bb theme_builder_area=\u00bbpost_content\u00bb sticky_enabled=\u00bb0&#8243;][\/et_pb_image][et_pb_text _builder_version=\u00bb4.27.5&#8243; _module_preset=\u00bb6bb5d8cf-8f68-4e67-be73-e9ebdc8ebf3a\u00bb custom_margin=\u00bb||10px||false|false\u00bb hover_enabled=\u00bb0&#8243; global_colors_info=\u00bb{}\u00bb theme_builder_area=\u00bbpost_content\u00bb sticky_enabled=\u00bb0&#8243;]<\/p>\n<h4>CHARLA: \u00bfEL SABOR DE UN CONTRATO?<\/h4>\n<p>[\/et_pb_text][et_pb_text _builder_version=\u00bb4.27.5&#8243; _module_preset=\u00bb54feffa3-bc8d-435d-8774-c3ffc4d984ff\u00bb hover_enabled=\u00bb0&#8243; global_colors_info=\u00bb{}\u00bb theme_builder_area=\u00bbpost_content\u00bb sticky_enabled=\u00bb0&#8243;]<\/p>\n<p data-start=\"137\" data-end=\"370\">Los profesionales de la gastronom\u00eda no solo destacan por su talento en la cocina, sino que tambi\u00e9n deben manejar aspectos jur\u00eddicos que les permitan ofrecer sus servicios con seguridad, tanto en el presente como en el futuro cercano.<\/p>\n<p data-start=\"372\" data-end=\"702\">Ser claros y precisos en lo que se ofrece no es solo una buena pr\u00e1ctica comercial, sino una necesidad profesional. Cada promesa debe estar respaldada por la palabra escrita, transformando el contrato en una receta esencial para construir una vida profesional saludable, basada en la certeza jur\u00eddica y en la confianza del cliente.<\/p>\n<p data-start=\"704\" data-end=\"932\">No es lo mismo ofrecer 300 gramos de lomo que entregar finalmente solo 100 gramos. La claridad en las condiciones del servicio evita conflictos, protege la reputaci\u00f3n del profesional y fortalece relaciones comerciales duraderas.<\/p>\n<p>[\/et_pb_text][\/et_pb_column][\/et_pb_row][\/et_pb_section][et_pb_section fb_built=\u00bb1&#8243; admin_label=\u00bbFooter\u00bb _builder_version=\u00bb4.20.0&#8243; _module_preset=\u00bbdefault\u00bb background_color=\u00bb#000000&#8243; saved_tabs=\u00bball\u00bb collapsed=\u00bbon\u00bb global_colors_info=\u00bb{}\u00bb theme_builder_area=\u00bbpost_content\u00bb][et_pb_row column_structure=\u00bb1_3,1_3,1_3&#8243; _builder_version=\u00bb4.20.0&#8243; _module_preset=\u00bbdefault\u00bb border_color_all=\u00bbgcid-e6f8585f-043d-4f05-ad96-fb05b9e45208&#8243; border_width_top=\u00bb1px\u00bb global_colors_info=\u00bb{%22gcid-e6f8585f-043d-4f05-ad96-fb05b9e45208%22:%91%22border_color_all%22%93}\u00bb theme_builder_area=\u00bbpost_content\u00bb][et_pb_column type=\u00bb1_3&#8243; _builder_version=\u00bb4.20.0&#8243; _module_preset=\u00bbdefault\u00bb global_colors_info=\u00bb{}\u00bb theme_builder_area=\u00bbpost_content\u00bb][et_pb_text _builder_version=\u00bb4.27.5&#8243; _module_preset=\u00bbb3eea729-43ab-4af5-839c-af40b6393da7&#8243; header_5_text_color=\u00bb#FFFFFF\u00bb custom_margin=\u00bb||0px||false|false\u00bb text_orientation_tablet=\u00bbcenter\u00bb text_orientation_phone=\u00bb\u00bb text_orientation_last_edited=\u00bbon|tablet\u00bb global_colors_info=\u00bb{}\u00bb theme_builder_area=\u00bbpost_content\u00bb]<\/p>\n<h5>Ubicaci\u00f3n<\/h5>\n<p>[\/et_pb_text][et_pb_text _builder_version=\u00bb4.27.5&#8243; _module_preset=\u00bb6a182592-6c26-43d7-99e0-ea7ba2e8170b\u00bb link_text_color=\u00bbgcid-e6f8585f-043d-4f05-ad96-fb05b9e45208&#8243; text_orientation_tablet=\u00bbcenter\u00bb text_orientation_phone=\u00bb\u00bb text_orientation_last_edited=\u00bbon|tablet\u00bb global_colors_info=\u00bb{%22gcid-e6f8585f-043d-4f05-ad96-fb05b9e45208%22:%91%22link_text_color%22%93}\u00bb theme_builder_area=\u00bbpost_content\u00bb]<\/p>\n<p>Santiago, Chile<\/p>\n<p>[\/et_pb_text][\/et_pb_column][et_pb_column type=\u00bb1_3&#8243; _builder_version=\u00bb4.20.0&#8243; _module_preset=\u00bbdefault\u00bb global_colors_info=\u00bb{}\u00bb theme_builder_area=\u00bbpost_content\u00bb][et_pb_text _builder_version=\u00bb4.27.5&#8243; _module_preset=\u00bbb3eea729-43ab-4af5-839c-af40b6393da7&#8243; header_5_text_color=\u00bb#FFFFFF\u00bb text_orientation=\u00bbcenter\u00bb custom_margin=\u00bb||0px||false|false\u00bb global_colors_info=\u00bb{}\u00bb theme_builder_area=\u00bbpost_content\u00bb]<\/p>\n<h5>Tel\u00e9fono\u00a0<\/h5>\n<p>[\/et_pb_text][et_pb_text _builder_version=\u00bb4.27.5&#8243; _module_preset=\u00bb6a182592-6c26-43d7-99e0-ea7ba2e8170b\u00bb link_text_color=\u00bbgcid-e6f8585f-043d-4f05-ad96-fb05b9e45208&#8243; text_orientation=\u00bbcenter\u00bb global_colors_info=\u00bb{%22gcid-e6f8585f-043d-4f05-ad96-fb05b9e45208%22:%91%22link_text_color%22%93}\u00bb theme_builder_area=\u00bbpost_content\u00bb]<\/p>\n<p>(+56) 971001176<\/p>\n<p>[\/et_pb_text][\/et_pb_column][et_pb_column _builder_version=\u00bb4.27.5&#8243; _module_preset=\u00bbdefault\u00bb type=\u00bb1_3&#8243; theme_builder_area=\u00bbpost_content\u00bb][et_pb_text _builder_version=\u00bb4.20.0&#8243; _module_preset=\u00bbb3eea729-43ab-4af5-839c-af40b6393da7&#8243; header_5_text_color=\u00bb#FFFFFF\u00bb text_orientation=\u00bbright\u00bb custom_margin=\u00bb||0px||false|false\u00bb text_orientation_tablet=\u00bbcenter\u00bb text_orientation_phone=\u00bb\u00bb text_orientation_last_edited=\u00bbon|tablet\u00bb global_colors_info=\u00bb{}\u00bb theme_builder_area=\u00bbpost_content\u00bb]<\/p>\n<h5>Email<\/h5>\n<p>[\/et_pb_text][et_pb_text _builder_version=\u00bb4.27.5&#8243; _module_preset=\u00bb6a182592-6c26-43d7-99e0-ea7ba2e8170b\u00bb link_text_color=\u00bbgcid-e6f8585f-043d-4f05-ad96-fb05b9e45208&#8243; text_orientation=\u00bbright\u00bb text_orientation_tablet=\u00bbcenter\u00bb text_orientation_phone=\u00bb\u00bb text_orientation_last_edited=\u00bbon|tablet\u00bb global_colors_info=\u00bb{%22gcid-e6f8585f-043d-4f05-ad96-fb05b9e45208%22:%91%22link_text_color%22%93}\u00bb theme_builder_area=\u00bbpost_content\u00bb]<\/p>\n<p>claudiazilajp@gmail.com<\/p>\n<p>[\/et_pb_text][\/et_pb_column][\/et_pb_row][\/et_pb_section]<\/p>\n","protected":false},"excerpt":{"rendered":"<p>CHARLASMis charlas conectan el derecho y la comunicaci\u00f3n social como herramientas pr\u00e1cticas para vivir y trabajar con mayor claridad, responsabilidad y prop\u00f3sito. Como Facilitadora Comunicacional, ense\u00f1o contenidos jur\u00eddicos de forma simple, promoviendo una comunicaci\u00f3n basada en buenos valores y en el cultivo del car\u00e1cter personal y profesional. Cada encuentro busca dejar una huella positiva en [&hellip;]<\/p>\n","protected":false},"author":1,"featured_media":0,"parent":0,"menu_order":0,"comment_status":"closed","ping_status":"closed","template":"","meta":{"_et_pb_use_builder":"on","_et_pb_old_content":"","_et_gb_content_width":"","cybocfi_hide_featured_image":"","footnotes":""},"class_list":["post-1666","page","type-page","status-publish","hentry"],"yoast_head":"<!-- This site is optimized with the Yoast SEO plugin v26.6 - https:\/\/yoast.com\/wordpress\/plugins\/seo\/ -->\n<title>CHARLAS - Claudia Zila<\/title>\n<meta name=\"robots\" content=\"index, follow, max-snippet:-1, max-image-preview:large, max-video-preview:-1\" \/>\n<link rel=\"canonical\" href=\"https:\/\/www.claudiazila.com\/index.php\/charlas\/\" \/>\n<meta property=\"og:locale\" content=\"es_ES\" \/>\n<meta property=\"og:type\" content=\"article\" \/>\n<meta property=\"og:title\" content=\"CHARLAS - Claudia Zila\" \/>\n<meta property=\"og:description\" content=\"CHARLASMis charlas conectan el derecho y la comunicaci\u00f3n social como herramientas pr\u00e1cticas para vivir y trabajar con mayor claridad, responsabilidad y prop\u00f3sito. Como Facilitadora Comunicacional, ense\u00f1o contenidos jur\u00eddicos de forma simple, promoviendo una comunicaci\u00f3n basada en buenos valores y en el cultivo del car\u00e1cter personal y profesional. Cada encuentro busca dejar una huella positiva en [&hellip;]\" \/>\n<meta property=\"og:url\" content=\"https:\/\/www.claudiazila.com\/index.php\/charlas\/\" \/>\n<meta property=\"og:site_name\" content=\"Claudia Zila\" \/>\n<meta name=\"twitter:card\" content=\"summary_large_image\" \/>\n<script type=\"application\/ld+json\" class=\"yoast-schema-graph\">{\"@context\":\"https:\/\/schema.org\",\"@graph\":[{\"@type\":\"WebPage\",\"@id\":\"https:\/\/www.claudiazila.com\/index.php\/charlas\/\",\"url\":\"https:\/\/www.claudiazila.com\/index.php\/charlas\/\",\"name\":\"CHARLAS - Claudia Zila\",\"isPartOf\":{\"@id\":\"https:\/\/www.claudiazila.com\/#website\"},\"datePublished\":\"2026-04-02T15:52:40+00:00\",\"breadcrumb\":{\"@id\":\"https:\/\/www.claudiazila.com\/index.php\/charlas\/#breadcrumb\"},\"inLanguage\":\"es\",\"potentialAction\":[{\"@type\":\"ReadAction\",\"target\":[\"https:\/\/www.claudiazila.com\/index.php\/charlas\/\"]}]},{\"@type\":\"BreadcrumbList\",\"@id\":\"https:\/\/www.claudiazila.com\/index.php\/charlas\/#breadcrumb\",\"itemListElement\":[{\"@type\":\"ListItem\",\"position\":1,\"name\":\"Portada\",\"item\":\"https:\/\/www.claudiazila.com\/\"},{\"@type\":\"ListItem\",\"position\":2,\"name\":\"CHARLAS\"}]},{\"@type\":\"WebSite\",\"@id\":\"https:\/\/www.claudiazila.com\/#website\",\"url\":\"https:\/\/www.claudiazila.com\/\",\"name\":\"Claudia Zila\",\"description\":\"Claudia Zila\",\"publisher\":{\"@id\":\"https:\/\/www.claudiazila.com\/#\/schema\/person\/81aaac917ad66e2c2428382dc268be34\"},\"potentialAction\":[{\"@type\":\"SearchAction\",\"target\":{\"@type\":\"EntryPoint\",\"urlTemplate\":\"https:\/\/www.claudiazila.com\/?s={search_term_string}\"},\"query-input\":{\"@type\":\"PropertyValueSpecification\",\"valueRequired\":true,\"valueName\":\"search_term_string\"}}],\"inLanguage\":\"es\"},{\"@type\":[\"Person\",\"Organization\"],\"@id\":\"https:\/\/www.claudiazila.com\/#\/schema\/person\/81aaac917ad66e2c2428382dc268be34\",\"name\":\"clau_adm\",\"image\":{\"@type\":\"ImageObject\",\"inLanguage\":\"es\",\"@id\":\"https:\/\/www.claudiazila.com\/#\/schema\/person\/image\/\",\"url\":\"https:\/\/www.claudiazila.com\/wp-content\/uploads\/2025\/01\/cropped-IMG_7264.jpg\",\"contentUrl\":\"https:\/\/www.claudiazila.com\/wp-content\/uploads\/2025\/01\/cropped-IMG_7264.jpg\",\"width\":512,\"height\":512,\"caption\":\"clau_adm\"},\"logo\":{\"@id\":\"https:\/\/www.claudiazila.com\/#\/schema\/person\/image\/\"},\"sameAs\":[\"https:\/\/www.claudiazila.com\"]}]}<\/script>\n<!-- \/ Yoast SEO plugin. -->","yoast_head_json":{"title":"CHARLAS - Claudia Zila","robots":{"index":"index","follow":"follow","max-snippet":"max-snippet:-1","max-image-preview":"max-image-preview:large","max-video-preview":"max-video-preview:-1"},"canonical":"https:\/\/www.claudiazila.com\/index.php\/charlas\/","og_locale":"es_ES","og_type":"article","og_title":"CHARLAS - Claudia Zila","og_description":"CHARLASMis charlas conectan el derecho y la comunicaci\u00f3n social como herramientas pr\u00e1cticas para vivir y trabajar con mayor claridad, responsabilidad y prop\u00f3sito. Como Facilitadora Comunicacional, ense\u00f1o contenidos jur\u00eddicos de forma simple, promoviendo una comunicaci\u00f3n basada en buenos valores y en el cultivo del car\u00e1cter personal y profesional. Cada encuentro busca dejar una huella positiva en [&hellip;]","og_url":"https:\/\/www.claudiazila.com\/index.php\/charlas\/","og_site_name":"Claudia Zila","twitter_card":"summary_large_image","schema":{"@context":"https:\/\/schema.org","@graph":[{"@type":"WebPage","@id":"https:\/\/www.claudiazila.com\/index.php\/charlas\/","url":"https:\/\/www.claudiazila.com\/index.php\/charlas\/","name":"CHARLAS - Claudia Zila","isPartOf":{"@id":"https:\/\/www.claudiazila.com\/#website"},"datePublished":"2026-04-02T15:52:40+00:00","breadcrumb":{"@id":"https:\/\/www.claudiazila.com\/index.php\/charlas\/#breadcrumb"},"inLanguage":"es","potentialAction":[{"@type":"ReadAction","target":["https:\/\/www.claudiazila.com\/index.php\/charlas\/"]}]},{"@type":"BreadcrumbList","@id":"https:\/\/www.claudiazila.com\/index.php\/charlas\/#breadcrumb","itemListElement":[{"@type":"ListItem","position":1,"name":"Portada","item":"https:\/\/www.claudiazila.com\/"},{"@type":"ListItem","position":2,"name":"CHARLAS"}]},{"@type":"WebSite","@id":"https:\/\/www.claudiazila.com\/#website","url":"https:\/\/www.claudiazila.com\/","name":"Claudia Zila","description":"Claudia Zila","publisher":{"@id":"https:\/\/www.claudiazila.com\/#\/schema\/person\/81aaac917ad66e2c2428382dc268be34"},"potentialAction":[{"@type":"SearchAction","target":{"@type":"EntryPoint","urlTemplate":"https:\/\/www.claudiazila.com\/?s={search_term_string}"},"query-input":{"@type":"PropertyValueSpecification","valueRequired":true,"valueName":"search_term_string"}}],"inLanguage":"es"},{"@type":["Person","Organization"],"@id":"https:\/\/www.claudiazila.com\/#\/schema\/person\/81aaac917ad66e2c2428382dc268be34","name":"clau_adm","image":{"@type":"ImageObject","inLanguage":"es","@id":"https:\/\/www.claudiazila.com\/#\/schema\/person\/image\/","url":"https:\/\/www.claudiazila.com\/wp-content\/uploads\/2025\/01\/cropped-IMG_7264.jpg","contentUrl":"https:\/\/www.claudiazila.com\/wp-content\/uploads\/2025\/01\/cropped-IMG_7264.jpg","width":512,"height":512,"caption":"clau_adm"},"logo":{"@id":"https:\/\/www.claudiazila.com\/#\/schema\/person\/image\/"},"sameAs":["https:\/\/www.claudiazila.com"]}]}},"_links":{"self":[{"href":"https:\/\/www.claudiazila.com\/index.php\/wp-json\/wp\/v2\/pages\/1666","targetHints":{"allow":["GET"]}}],"collection":[{"href":"https:\/\/www.claudiazila.com\/index.php\/wp-json\/wp\/v2\/pages"}],"about":[{"href":"https:\/\/www.claudiazila.com\/index.php\/wp-json\/wp\/v2\/types\/page"}],"author":[{"embeddable":true,"href":"https:\/\/www.claudiazila.com\/index.php\/wp-json\/wp\/v2\/users\/1"}],"replies":[{"embeddable":true,"href":"https:\/\/www.claudiazila.com\/index.php\/wp-json\/wp\/v2\/comments?post=1666"}],"version-history":[{"count":2,"href":"https:\/\/www.claudiazila.com\/index.php\/wp-json\/wp\/v2\/pages\/1666\/revisions"}],"predecessor-version":[{"id":1670,"href":"https:\/\/www.claudiazila.com\/index.php\/wp-json\/wp\/v2\/pages\/1666\/revisions\/1670"}],"wp:attachment":[{"href":"https:\/\/www.claudiazila.com\/index.php\/wp-json\/wp\/v2\/media?parent=1666"}],"curies":[{"name":"wp","href":"https:\/\/api.w.org\/{rel}","templated":true}]}}